{"id":4829,"date":"2017-05-09T15:20:00","date_gmt":"2017-05-09T15:20:00","guid":{"rendered":"https:\/\/www.treatwell.de\/inspiration\/?page_id=4829"},"modified":"2018-08-07T12:11:04","modified_gmt":"2018-08-07T12:11:04","slug":"haarfarbe","status":"publish","type":"page","link":"https:\/\/www.treatwell.de/inspiration\/haarfarbe\/","title":{"rendered":"Haarfarbe"},"content":{"rendered":"<p>\t\t\t\t<img decoding=\"async\" src=\"https:\/\/www.treatwell.de/inspiration\/wp-content\/uploads\/sites\/7\/2017\/06\/Copy-of-SKP-Logo_black-1-1.png\" alt=\"Copy of SKP Logo_black (1) (1)\" \/><\/p>\n<h2>\n\t\tJetzt zum Salon in deiner N\u00e4he!<br \/>\n\t<\/h2>\n<h4>\n\t\tOmbr\u00e9 &amp; Balayage<br \/>\n\t<\/h4>\n<p>\t\t\t\t<img decoding=\"async\" src=\"https:\/\/www.treatwell.de/inspiration\/wp-content\/uploads\/sites\/7\/2017\/05\/SKP_HP_2.jpg\" alt=\"SKP_HP_2\" \/><br \/>\n\t\t\tW\u00e4hle deine Stadt<\/p>\n<p><a href=\"https:\/\/www.treatwell.de\/orte\/behandlung-balayage-ombre\/angebot-typ-lokal\/in-berlin-de\/\">Berlin<\/a><\/p>\n<p><a href=\"https:\/\/www.treatwell.de\/orte\/behandlung-balayage-ombre\/angebot-typ-lokal\/in-hamburg-de\/\">Hamburg<\/a><\/p>\n<p><a href=\"https:\/\/www.treatwell.de\/orte\/behandlung-balayage-ombre\/angebot-typ-lokal\/in-muenchen-de\/\">M\u00fcnchen<\/a><\/p>\n<p><a href=\"https:\/\/www.treatwell.de\/orte\/behandlung-balayage-ombre\/angebot-typ-lokal\/innerhalb-3-km-von-duesseldorf-de\/\">D\u00fcsseldorf<\/a><\/p>\n<p><a href=\"https:\/\/www.treatwell.de\/orte\/behandlung-balayage-ombre\/angebot-typ-lokal\/in-koeln-de\/\">K\u00f6ln<\/a><\/p>\n<p><a href=\"https:\/\/www.treatwell.de\/orte\/behandlung-balayage-ombre\/angebot-typ-lokal\/in-de\/\">Alle Salons<\/a><\/p>\n<p style=\"text-align: justify\">Deine Haare werden zum Gem\u00e4lde! Weiche, flie\u00dfende \u00dcberg\u00e4nge sorgen f\u00fcr nat\u00fcrliche Looks\u00a0und passen zu jedem Typ<\/p>\n<p style=\"text-align: justify\">\n<h4>\n\t\tHaare f\u00e4rben<br \/>\n\t<\/h4>\n<p>\t\t\t\t<img decoding=\"async\" src=\"https:\/\/www.treatwell.de/inspiration\/wp-content\/uploads\/sites\/7\/2017\/05\/SKP_HP_4.jpg\" alt=\"SKP_HP_4\" \/><br \/>\n\t\t\tW\u00e4hle deine Stadt<\/p>\n<p><a href=\"https:\/\/www.treatwell.de\/orte\/behandlung-damen-farbe-toenung-straehnen\/angebot-typ-lokal\/in-berlin-de\/\">Berlin<\/a><\/p>\n<p><a href=\"https:\/\/www.treatwell.de\/orte\/behandlung-damen-farbe-toenung-straehnen\/angebot-typ-lokal\/in-hamburg-de\/\">Hamburg<\/a><\/p>\n<p><a href=\"https:\/\/www.treatwell.de\/orte\/behandlung-damen-farbe-toenung-straehnen\/angebot-typ-lokal\/in-muenchen-de\/\">M\u00fcnchen<\/a><\/p>\n<p><a href=\"https:\/\/www.treatwell.de\/orte\/behandlung-damen-farbe-toenung-straehnen\/angebot-typ-lokal\/in-duesseldorf-de\/\">D\u00fcsseldorf<\/a><\/p>\n<p><a href=\"https:\/\/www.treatwell.de\/orte\/behandlung-damen-farbe-toenung-straehnen\/angebot-typ-lokal\/in-koeln-de\/\">K\u00f6ln<\/a><\/p>\n<p><a href=\"https:\/\/www.treatwell.de\/orte\/behandlung-damen-farbe-toenung-straehnen\/angebot-typ-lokal\/in-de\/\">Alle Salons<\/a><\/p>\n<p style=\"text-align: justify\">Egal, ob Granny, Ros\u00e9gold oder Pastell. Einzigartige und frische Farben sorgen im Sommer f\u00fcr einen echten Hingucker<\/p>\n<h4>\n\t\tT\u00f6nen &amp; Str\u00e4hnen<br \/>\n\t<\/h4>\n<p>\t\t\t\t<img decoding=\"async\" src=\"https:\/\/www.treatwell.de/inspiration\/wp-content\/uploads\/sites\/7\/2017\/05\/SKP_HP_1.jpg\" alt=\"SKP_HP_1\" \/><br \/>\n\t\t\tW\u00e4hle deine Stadt<\/p>\n<p><a href=\"https:\/\/www.treatwell.de\/orte\/behandlung-damen-farbe-toenung-straehnen\/angebot-typ-lokal\/in-berlin-de\/\">Berlin<\/a><\/p>\n<p><a href=\"https:\/\/www.treatwell.de\/orte\/behandlung-damen-farbe-toenung-straehnen\/angebot-typ-lokal\/in-hamburg-de\/\">Hamburg<\/a><\/p>\n<p><a href=\"https:\/\/www.treatwell.de\/orte\/behandlung-damen-farbe-toenung-straehnen\/angebot-typ-lokal\/in-muenchen-de\/\">M\u00fcnchen<\/a><\/p>\n<p><a href=\"https:\/\/www.treatwell.de\/orte\/behandlung-damen-farbe-toenung-straehnen\/angebot-typ-lokal\/in-duesseldorf-de\/\">D\u00fcsseldorf<\/a><\/p>\n<p><a href=\"https:\/\/www.treatwell.de\/orte\/behandlung-damen-farbe-toenung-straehnen\/angebot-typ-lokal\/in-koeln-de\/\">K\u00f6ln<\/a><\/p>\n<p><a href=\"https:\/\/www.treatwell.de\/orte\/behandlung-damen-farbe-toenung-straehnen\/angebot-typ-lokal\/in-de\/\">Alle\u00a0Salons<\/a><\/p>\n<p style=\"text-align: justify\">Knips das Licht an! Mit T\u00f6nungen und Str\u00e4hnchen erreichst du einen nat\u00fcrlich hellen Blond-Effekt<\/p>\n<p>\t\t\t\t<img decoding=\"async\" src=\"https:\/\/www.treatwell.de/inspiration\/wp-content\/uploads\/sites\/7\/2017\/05\/Farbe_bekennen.jpg\" alt=\"Farbe_bekennen\" \/><\/p>\n<p style=\"text-align: justify\">Anders ist in diesen Sommer ein absolutes Muss. Balayage oder Ombr\u00e9, Pastell oder Ros\u00e9gold, gestr\u00e4hnt oder ganzheitlich. Hauptsache es passt zu Dir!<\/p>\n<p style=\"text-align: justify\">Bei uns kannst Du rund um die Uhr, bei den besten Salons in Deiner Stadt und absolut stressfrei die neusten Trends online buchen.<\/p>\n<p style=\"text-align: justify\">\n","protected":false},"excerpt":{"rendered":"<p>Jetzt zum Salon in deiner N\u00e4he! Ombr\u00e9 &amp; Balayage W\u00e4hle deine Stadt Berlin Hamburg M\u00fcnchen D\u00fcsseldorf K\u00f6ln Alle Salons Deine Haare werden zum Gem\u00e4lde! Weiche, flie\u00dfende \u00dcberg\u00e4nge sorgen f\u00fcr nat\u00fcrliche Looks\u00a0und passen zu jedem Typ Haare f\u00e4rben W\u00e4hle deine Stadt Berlin Hamburg M\u00fcnchen D\u00fcsseldorf K\u00f6ln Alle Salons Egal, ob Granny, Ros\u00e9gold oder Pastell. Einzigartige und&hellip;<\/p>\n","protected":false},"author":51,"featured_media":4744,"parent":0,"menu_order":0,"comment_status":"closed","ping_status":"closed","template":"","meta":{"inline_featured_image":false,"footnotes":""},"class_list":["post-4829","page","type-page","status-publish","has-post-thumbnail","hentry"],"yoast_head":"<!-- This site is optimized with the Yoast SEO plugin v27.4 - https:\/\/yoast.com\/product\/yoast-seo-wordpress\/ -->\n<title>Die Farben des Sommers bekennen | Treatwell.de<\/title>\n<meta name=\"description\" content=\"Finde deinen neuen Sommer Farbtrend und buche heute noch bequem und online bei den besten Salons in Deiner Stadt.\" \/>\n<meta name=\"robots\" content=\"index, follow, max-snippet:-1, max-image-preview:large, max-video-preview:-1\" \/>\n<link rel=\"canonical\" href=\"https:\/\/www.treatwell.de/inspiration\/haarfarbe\/\" \/>\n<meta property=\"og:locale\" content=\"de_DE\" \/>\n<meta property=\"og:type\" content=\"article\" \/>\n<meta property=\"og:title\" content=\"Die Farben des Sommers bekennen | Treatwell.de\" \/>\n<meta property=\"og:description\" content=\"Finde deinen neuen Sommer Farbtrend und buche heute noch bequem und online bei den besten Salons in Deiner Stadt.\" \/>\n<meta property=\"og:url\" content=\"https:\/\/www.treatwell.de/inspiration\/haarfarbe\/\" \/>\n<meta property=\"og:site_name\" content=\"Treatwell DE\" \/>\n<meta property=\"article:modified_time\" content=\"2018-08-07T12:11:04+00:00\" \/>\n<meta property=\"og:image\" content=\"https:\/\/www.treatwell.de/inspiration\/wp-content\/uploads\/sites\/7\/2017\/04\/TW_DE_DUMUSSTMALWIEDER_Landingpage_hero2_KK_v01.jpg\" \/>\n\t<meta property=\"og:image:width\" content=\"2000\" \/>\n\t<meta property=\"og:image:height\" content=\"1100\" \/>\n\t<meta property=\"og:image:type\" content=\"image\/jpeg\" \/>\n<meta name=\"twitter:card\" content=\"summary_large_image\" \/>\n<meta name=\"twitter:label1\" content=\"Gesch\u00e4tzte Lesezeit\" \/>\n\t<meta name=\"twitter:data1\" content=\"1 Minute\" \/>\n<script type=\"application\/ld+json\" class=\"yoast-schema-graph\">{\"@context\":\"https:\\\/\\\/schema.org\",\"@graph\":[{\"@type\":\"WebPage\",\"@id\":\"https:\\\/\\\/www.treatwell.de/inspiration\\\/haarfarbe\\\/\",\"url\":\"https:\\\/\\\/www.treatwell.de/inspiration\\\/haarfarbe\\\/\",\"name\":\"Die Farben des Sommers bekennen | Treatwell.de\",\"isPartOf\":{\"@id\":\"https:\\\/\\\/www.treatwell.de/inspiration\\\/#website\"},\"primaryImageOfPage\":{\"@id\":\"https:\\\/\\\/www.treatwell.de/inspiration\\\/haarfarbe\\\/#primaryimage\"},\"image\":{\"@id\":\"https:\\\/\\\/www.treatwell.de/inspiration\\\/haarfarbe\\\/#primaryimage\"},\"thumbnailUrl\":\"https:\\\/\\\/www.treatwell.de/inspiration\\\/wp-content\\\/uploads\\\/sites\\\/7\\\/2017\\\/04\\\/TW_DE_DUMUSSTMALWIEDER_Landingpage_hero2_KK_v01.jpg\",\"datePublished\":\"2017-05-09T15:20:00+00:00\",\"dateModified\":\"2018-08-07T12:11:04+00:00\",\"description\":\"Finde deinen neuen Sommer Farbtrend und buche heute noch bequem und online bei den besten Salons in Deiner Stadt.\",\"breadcrumb\":{\"@id\":\"https:\\\/\\\/www.treatwell.de/inspiration\\\/haarfarbe\\\/#breadcrumb\"},\"inLanguage\":\"de-DE\",\"potentialAction\":[{\"@type\":\"ReadAction\",\"target\":[\"https:\\\/\\\/www.treatwell.de/inspiration\\\/haarfarbe\\\/\"]}]},{\"@type\":\"ImageObject\",\"inLanguage\":\"de-DE\",\"@id\":\"https:\\\/\\\/www.treatwell.de/inspiration\\\/haarfarbe\\\/#primaryimage\",\"url\":\"https:\\\/\\\/www.treatwell.de/inspiration\\\/wp-content\\\/uploads\\\/sites\\\/7\\\/2017\\\/04\\\/TW_DE_DUMUSSTMALWIEDER_Landingpage_hero2_KK_v01.jpg\",\"contentUrl\":\"https:\\\/\\\/www.treatwell.de/inspiration\\\/wp-content\\\/uploads\\\/sites\\\/7\\\/2017\\\/04\\\/TW_DE_DUMUSSTMALWIEDER_Landingpage_hero2_KK_v01.jpg\",\"width\":2000,\"height\":1100},{\"@type\":\"BreadcrumbList\",\"@id\":\"https:\\\/\\\/www.treatwell.de/inspiration\\\/haarfarbe\\\/#breadcrumb\",\"itemListElement\":[{\"@type\":\"ListItem\",\"position\":1,\"name\":\"Home\",\"item\":\"https:\\\/\\\/www.treatwell.de/inspiration\\\/\"},{\"@type\":\"ListItem\",\"position\":2,\"name\":\"Haarfarbe\"}]},{\"@type\":\"WebSite\",\"@id\":\"https:\\\/\\\/www.treatwell.de/inspiration\\\/#website\",\"url\":\"https:\\\/\\\/www.treatwell.de/inspiration\\\/\",\"name\":\"Treatwell DE\",\"description\":\"\",\"potentialAction\":[{\"@type\":\"SearchAction\",\"target\":{\"@type\":\"EntryPoint\",\"urlTemplate\":\"https:\\\/\\\/www.treatwell.de/inspiration\\\/?s={search_term_string}\"},\"query-input\":{\"@type\":\"PropertyValueSpecification\",\"valueRequired\":true,\"valueName\":\"search_term_string\"}}],\"inLanguage\":\"de-DE\"}]}<\/script>\n<!-- \/ Yoast SEO plugin. -->","yoast_head_json":{"title":"Die Farben des Sommers bekennen | Treatwell.de","description":"Finde deinen neuen Sommer Farbtrend und buche heute noch bequem und online bei den besten Salons in Deiner Stadt.","robots":{"index":"index","follow":"follow","max-snippet":"max-snippet:-1","max-image-preview":"max-image-preview:large","max-video-preview":"max-video-preview:-1"},"canonical":"https:\/\/www.treatwell.de/inspiration\/haarfarbe\/","og_locale":"de_DE","og_type":"article","og_title":"Die Farben des Sommers bekennen | Treatwell.de","og_description":"Finde deinen neuen Sommer Farbtrend und buche heute noch bequem und online bei den besten Salons in Deiner Stadt.","og_url":"https:\/\/www.treatwell.de/inspiration\/haarfarbe\/","og_site_name":"Treatwell DE","article_modified_time":"2018-08-07T12:11:04+00:00","og_image":[{"width":2000,"height":1100,"url":"https:\/\/www.treatwell.de/inspiration\/wp-content\/uploads\/sites\/7\/2017\/04\/TW_DE_DUMUSSTMALWIEDER_Landingpage_hero2_KK_v01.jpg","type":"image\/jpeg"}],"twitter_card":"summary_large_image","twitter_misc":{"Gesch\u00e4tzte Lesezeit":"1 Minute"},"schema":{"@context":"https:\/\/schema.org","@graph":[{"@type":"WebPage","@id":"https:\/\/www.treatwell.de/inspiration\/haarfarbe\/","url":"https:\/\/www.treatwell.de/inspiration\/haarfarbe\/","name":"Die Farben des Sommers bekennen | Treatwell.de","isPartOf":{"@id":"https:\/\/www.treatwell.de/inspiration\/#website"},"primaryImageOfPage":{"@id":"https:\/\/www.treatwell.de/inspiration\/haarfarbe\/#primaryimage"},"image":{"@id":"https:\/\/www.treatwell.de/inspiration\/haarfarbe\/#primaryimage"},"thumbnailUrl":"https:\/\/www.treatwell.de/inspiration\/wp-content\/uploads\/sites\/7\/2017\/04\/TW_DE_DUMUSSTMALWIEDER_Landingpage_hero2_KK_v01.jpg","datePublished":"2017-05-09T15:20:00+00:00","dateModified":"2018-08-07T12:11:04+00:00","description":"Finde deinen neuen Sommer Farbtrend und buche heute noch bequem und online bei den besten Salons in Deiner Stadt.","breadcrumb":{"@id":"https:\/\/www.treatwell.de/inspiration\/haarfarbe\/#breadcrumb"},"inLanguage":"de-DE","potentialAction":[{"@type":"ReadAction","target":["https:\/\/www.treatwell.de/inspiration\/haarfarbe\/"]}]},{"@type":"ImageObject","inLanguage":"de-DE","@id":"https:\/\/www.treatwell.de/inspiration\/haarfarbe\/#primaryimage","url":"https:\/\/www.treatwell.de/inspiration\/wp-content\/uploads\/sites\/7\/2017\/04\/TW_DE_DUMUSSTMALWIEDER_Landingpage_hero2_KK_v01.jpg","contentUrl":"https:\/\/www.treatwell.de/inspiration\/wp-content\/uploads\/sites\/7\/2017\/04\/TW_DE_DUMUSSTMALWIEDER_Landingpage_hero2_KK_v01.jpg","width":2000,"height":1100},{"@type":"BreadcrumbList","@id":"https:\/\/www.treatwell.de/inspiration\/haarfarbe\/#breadcrumb","itemListElement":[{"@type":"ListItem","position":1,"name":"Home","item":"https:\/\/www.treatwell.de/inspiration\/"},{"@type":"ListItem","position":2,"name":"Haarfarbe"}]},{"@type":"WebSite","@id":"https:\/\/www.treatwell.de/inspiration\/#website","url":"https:\/\/www.treatwell.de/inspiration\/","name":"Treatwell DE","description":"","potentialAction":[{"@type":"SearchAction","target":{"@type":"EntryPoint","urlTemplate":"https:\/\/www.treatwell.de/inspiration\/?s={search_term_string}"},"query-input":{"@type":"PropertyValueSpecification","valueRequired":true,"valueName":"search_term_string"}}],"inLanguage":"de-DE"}]}},"_links":{"self":[{"href":"https:\/\/www.treatwell.de\/inspiration\/wp-json\/wp\/v2\/pages\/4829","targetHints":{"allow":["GET"]}}],"collection":[{"href":"https:\/\/www.treatwell.de\/inspiration\/wp-json\/wp\/v2\/pages"}],"about":[{"href":"https:\/\/www.treatwell.de\/inspiration\/wp-json\/wp\/v2\/types\/page"}],"author":[{"embeddable":true,"href":"https:\/\/www.treatwell.de\/inspiration\/wp-json\/wp\/v2\/users\/51"}],"replies":[{"embeddable":true,"href":"https:\/\/www.treatwell.de\/inspiration\/wp-json\/wp\/v2\/comments?post=4829"}],"version-history":[{"count":0,"href":"https:\/\/www.treatwell.de\/inspiration\/wp-json\/wp\/v2\/pages\/4829\/revisions"}],"wp:featuredmedia":[{"embeddable":true,"href":"https:\/\/www.treatwell.de\/inspiration\/wp-json\/wp\/v2\/media\/4744"}],"wp:attachment":[{"href":"https:\/\/www.treatwell.de\/inspiration\/wp-json\/wp\/v2\/media?parent=4829"}],"curies":[{"name":"wp","href":"https:\/\/api.w.org\/{rel}","templated":true}]}}